{"id":893,"date":"2017-01-30T09:43:55","date_gmt":"2017-01-30T09:43:55","guid":{"rendered":"http:\/\/www.obradecor.com\/quienes-somos\/?lang=ca"},"modified":"2017-05-08T10:31:54","modified_gmt":"2017-05-08T10:31:54","slug":"qui-som","status":"publish","type":"page","link":"https:\/\/www.obradecor.com\/ca\/qui-som\/","title":{"rendered":"Qui som"},"content":{"rendered":"<p>[et_pb_section admin_label=&#8221;Secci\u00f3n&#8221; fullwidth=&#8221;on&#8221; specialty=&#8221;off&#8221;][et_pb_fullwidth_header admin_label=&#8221;T\u00edtulo de anchura completa&#8221; title=&#8221;ObraDecor&#8221; subhead=&#8221;Qui som&#8221; background_layout=&#8221;dark&#8221; text_orientation=&#8221;center&#8221; header_fullscreen=&#8221;on&#8221; header_scroll_down=&#8221;off&#8221; background_url=&#8221;\/wp-content\/uploads\/2017\/01\/quienes_somos.jpg&#8221; parallax=&#8221;off&#8221; parallax_method=&#8221;off&#8221; content_orientation=&#8221;center&#8221; image_orientation=&#8221;center&#8221; custom_button_one=&#8221;off&#8221; button_one_letter_spacing=&#8221;0&#8243; button_one_use_icon=&#8221;default&#8221; button_one_icon_placement=&#8221;right&#8221; button_one_on_hover=&#8221;on&#8221; button_one_letter_spacing_hover=&#8221;0&#8243; custom_button_two=&#8221;off&#8221; button_two_letter_spacing=&#8221;0&#8243; button_two_use_icon=&#8221;default&#8221; button_two_icon_placement=&#8221;right&#8221; button_two_on_hover=&#8221;on&#8221; button_two_letter_spacing_hover=&#8221;0&#8243; scroll_down_icon=&#8221;%%0%%&#8221; title_font_size=&#8221;60px&#8221; title_font_size_phone=&#8221;30px&#8221; title_font_size_last_edited=&#8221;on|desktop&#8221; content_font_size=&#8221;27px&#8221; content_font_size_phone=&#8221;18px&#8221; content_font_size_last_edited=&#8221;on|phone&#8221; subhead_font_size=&#8221;30px&#8221; subhead_font_size_tablet=&#8221;22px&#8221; subhead_font_size_phone=&#8221;17px&#8221; subhead_font_size_last_edited=&#8221;on|phone&#8221;]<\/p>\n<p>[\/et_pb_fullwidth_header][\/et_pb_section][et_pb_section admin_label=&#8221;section&#8221;][et_pb_row admin_label=&#8221;row&#8221;][et_pb_column type=&#8221;4_4&#8243;][et_pb_text admin_label=&#8221;Texto&#8221; background_layout=&#8221;light&#8221; text_orientation=&#8221;left&#8221; use_border_color=&#8221;off&#8221; border_color=&#8221;#ffffff&#8221; border_style=&#8221;solid&#8221; max_width=&#8221;850px&#8221;]<\/p>\n<p>A ObraDecor ens dediquem a la reforma integral de l&#8217;habitatge i interiorisme, proporcionant als nostres clients projectes personalitzats totalment a mesura amb l&#8217;objectiu d&#8217;oferir el millor resultat possible.<\/p>\n<p>Amb m\u00e9s de 30 anys d&#8217;experi\u00e8ncia en el sector, el nostre equip de professionals i interioristes donaran forma a les teves idees per a convertir-les en una realitat.<\/p>\n<p>[\/et_pb_text][\/et_pb_column][\/et_pb_row][\/et_pb_section][et_pb_section admin_label=&#8221;Secci\u00f3n&#8221; fullwidth=&#8221;off&#8221; specialty=&#8221;off&#8221; transparent_background=&#8221;off&#8221; background_color=&#8221;#de7f5f&#8221; allow_player_pause=&#8221;off&#8221; inner_shadow=&#8221;off&#8221; parallax=&#8221;off&#8221; parallax_method=&#8221;off&#8221; make_fullwidth=&#8221;off&#8221; use_custom_width=&#8221;off&#8221; width_unit=&#8221;on&#8221; make_equal=&#8221;off&#8221; use_custom_gutter=&#8221;off&#8221;][et_pb_row admin_label=&#8221;Fila&#8221;][et_pb_column type=&#8221;4_4&#8243;][et_pb_text admin_label=&#8221;Texto&#8221; background_layout=&#8221;dark&#8221; text_orientation=&#8221;center&#8221; use_border_color=&#8221;off&#8221; border_color=&#8221;#ffffff&#8221; border_style=&#8221;solid&#8221; max_width=&#8221;530px&#8221; header_font_size_last_edited=&#8221;off|desktop&#8221; text_font_size=&#8221;50&#8243; text_font_size_tablet=&#8221;38&#8243; text_font_size_phone=&#8221;28&#8243; text_font_size_last_edited=&#8221;on|desktop&#8221; header_font=&#8221;|on|||&#8221; text_font=&#8221;|on|||&#8221; text_line_height=&#8221;1.4em&#8221;]<\/p>\n<p>30 anys al servei del bon gust<\/p>\n<p>[\/et_pb_text][\/et_pb_column][\/et_pb_row][\/et_pb_section][et_pb_section admin_label=&#8221;Secci\u00f3n&#8221; fullwidth=&#8221;on&#8221; specialty=&#8221;off&#8221;][et_pb_fullwidth_image admin_label=&#8221;Imagen de anchura completa&#8221; src=&#8221;\/wp-content\/uploads\/2017\/02\/cocina.jpg&#8221; show_in_lightbox=&#8221;off&#8221; url_new_window=&#8221;off&#8221; use_overlay=&#8221;off&#8221; animation=&#8221;off&#8221; use_border_color=&#8221;off&#8221; border_color=&#8221;#ffffff&#8221; border_style=&#8221;solid&#8221;]<\/p>\n<p>[\/et_pb_fullwidth_image][\/et_pb_section][et_pb_section admin_label=&#8221;section&#8221;][et_pb_row admin_label=&#8221;row&#8221;][et_pb_column type=&#8221;4_4&#8243;][et_pb_text admin_label=&#8221;Texto&#8221; background_layout=&#8221;light&#8221; text_orientation=&#8221;left&#8221; use_border_color=&#8221;off&#8221; border_color=&#8221;#ffffff&#8221; border_style=&#8221;solid&#8221; max_width=&#8221;850px&#8221;]<\/p>\n<p>El nostre objectiu es basa en el saber fer, la qualitat i el comprom\u00eds amb el client. Claredat, professionalitat i rapidesa s\u00f3n els nostres valors afegits.<\/p>\n<p>El nostre servei, econ\u00f2mic i de qualitat, es deu a la nostra fabricaci\u00f3 pr\u00f2pia, amb finan\u00e7ament per als nostres clients i pressupost i disseny sense comprom\u00eds. T&#8217;acompanyem durant tot el proc\u00e9s de reforma i t&#8217;aportem tots els nostres coneixements i experi\u00e8ncia amb la finalitat de que aconsegueixis la casa dels teus somnis.<\/p>\n<p>[\/et_pb_text][\/et_pb_column][\/et_pb_row][\/et_pb_section][et_pb_section admin_label=&#8221;Secci\u00f3n&#8221; fullwidth=&#8221;off&#8221; specialty=&#8221;off&#8221;][et_pb_row admin_label=&#8221;Fila&#8221;][et_pb_column type=&#8221;4_4&#8243;][et_pb_text admin_label=&#8221;Texto&#8221; background_layout=&#8221;light&#8221; text_orientation=&#8221;center&#8221; use_border_color=&#8221;off&#8221; border_color=&#8221;#ffffff&#8221; border_style=&#8221;solid&#8221; text_font=&#8221;|on|||&#8221; text_font_size=&#8221;25&#8243; text_font_size_tablet=&#8221;19&#8243; text_font_size_last_edited=&#8221;on|tablet&#8221; text_text_color=&#8221;#faaa76&#8243;]<\/p>\n<p>Cuidem fins a l&#8217;\u00faltim detall<\/p>\n<p>[\/et_pb_text][\/et_pb_column][\/et_pb_row][\/et_pb_section][et_pb_section admin_label=&#8221;Secci\u00f3n&#8221; fullwidth=&#8221;on&#8221; specialty=&#8221;off&#8221;][et_pb_fullwidth_image admin_label=&#8221;Imagen de anchura completa&#8221; src=&#8221;\/wp-content\/uploads\/2017\/02\/chicas.jpg&#8221; show_in_lightbox=&#8221;off&#8221; url_new_window=&#8221;off&#8221; use_overlay=&#8221;off&#8221; animation=&#8221;off&#8221; use_border_color=&#8221;off&#8221; border_color=&#8221;#ffffff&#8221; border_style=&#8221;solid&#8221;]<\/p>\n<p>[\/et_pb_fullwidth_image][et_pb_fullwidth_header admin_label=&#8221;T\u00edtulo de anchura completa&#8221; title=&#8221;Quin servei oferim?&#8221; background_layout=&#8221;dark&#8221; text_orientation=&#8221;center&#8221; header_fullscreen=&#8221;off&#8221; header_scroll_down=&#8221;off&#8221; parallax=&#8221;off&#8221; parallax_method=&#8221;off&#8221; content_orientation=&#8221;center&#8221; image_orientation=&#8221;center&#8221; custom_button_one=&#8221;off&#8221; button_one_letter_spacing=&#8221;0&#8243; button_one_use_icon=&#8221;default&#8221; button_one_icon_placement=&#8221;right&#8221; button_one_on_hover=&#8221;on&#8221; button_one_letter_spacing_hover=&#8221;0&#8243; custom_button_two=&#8221;off&#8221; button_two_letter_spacing=&#8221;0&#8243; button_two_use_icon=&#8221;default&#8221; button_two_icon_placement=&#8221;right&#8221; button_two_on_hover=&#8221;on&#8221; button_two_letter_spacing_hover=&#8221;0&#8243; button_one_text=&#8221; Coneix-nos&#8221; button_one_url=&#8221;\/ca\/serveis\/&#8221; background_color=&#8221;#edb9a7&#8243; title_font_size=&#8221;50px&#8221; title_font_size_tablet=&#8221;30px&#8221; title_font_size_phone=&#8221;25px&#8221; title_font_size_last_edited=&#8221;on|tablet&#8221;]<\/p>\n<p>[\/et_pb_fullwidth_header][\/et_pb_section]<\/p>\n","protected":false},"excerpt":{"rendered":"<p>A ObraDecor ens dediquem a la reforma integral de l&#8217;habitatge i interiorisme, proporcionant als nostres clients projectes personalitzats totalment a mesura amb l&#8217;objectiu d&#8217;oferir el millor resultat possible. Amb m\u00e9s de 30 anys d&#8217;experi\u00e8ncia en el sector, el nostre equip de professionals i interioristes donaran forma a les teves idees per a convertir-les en una [&hellip;]<\/p>\n","protected":false},"author":1,"featured_media":0,"parent":0,"menu_order":0,"comment_status":"closed","ping_status":"closed","template":"","meta":{"_et_pb_use_builder":"on","_et_pb_old_content":"<p>quienes somos<\/p>","_et_gb_content_width":"","footnotes":""},"class_list":["post-893","page","type-page","status-publish","hentry"],"yoast_head":"<!-- This site is optimized with the Yoast SEO plugin v27.5 - https:\/\/yoast.com\/product\/yoast-seo-wordpress\/ -->\n<title>Reforma integral d&#039;habitatges i interiorisme | Obradecor<\/title>\n<meta name=\"description\" content=\"Especialistes en projectes de reformes integrals, decoraci\u00f3 i interiorisme a Barcelona i rodalies. 30 anys al servei del bon gust. Coneix-nos!\" \/>\n<meta name=\"robots\" content=\"index, follow, max-snippet:-1, max-image-preview:large, max-video-preview:-1\" \/>\n<link rel=\"canonical\" href=\"https:\/\/www.obradecor.com\/ca\/qui-som\/\" \/>\n<meta property=\"og:locale\" content=\"ca_ES\" \/>\n<meta property=\"og:type\" content=\"article\" \/>\n<meta property=\"og:title\" content=\"Reforma integral d&#039;habitatges i interiorisme | Obradecor\" \/>\n<meta property=\"og:description\" content=\"Especialistes en projectes de reformes integrals, decoraci\u00f3 i interiorisme a Barcelona i rodalies. 30 anys al servei del bon gust. Coneix-nos!\" \/>\n<meta property=\"og:url\" content=\"https:\/\/www.obradecor.com\/ca\/qui-som\/\" \/>\n<meta property=\"og:site_name\" content=\"Obradecor\" \/>\n<meta property=\"article:publisher\" content=\"https:\/\/www.facebook.com\/ObraDecorReformasIntegrales\/\" \/>\n<meta property=\"article:modified_time\" content=\"2017-05-08T10:31:54+00:00\" \/>\n<meta name=\"twitter:card\" content=\"summary_large_image\" \/>\n<meta name=\"twitter:label1\" content=\"Temps estimat de lectura\" \/>\n\t<meta name=\"twitter:data1\" content=\"4 minuts\" \/>\n<script type=\"application\/ld+json\" class=\"yoast-schema-graph\">{\"@context\":\"https:\\\/\\\/schema.org\",\"@graph\":[{\"@type\":\"WebPage\",\"@id\":\"https:\\\/\\\/www.obradecor.com\\\/ca\\\/qui-som\\\/\",\"url\":\"https:\\\/\\\/www.obradecor.com\\\/ca\\\/qui-som\\\/\",\"name\":\"Reforma integral d'habitatges i interiorisme | Obradecor\",\"isPartOf\":{\"@id\":\"https:\\\/\\\/www.obradecor.com\\\/#website\"},\"datePublished\":\"2017-01-30T09:43:55+00:00\",\"dateModified\":\"2017-05-08T10:31:54+00:00\",\"description\":\"Especialistes en projectes de reformes integrals, decoraci\u00f3 i interiorisme a Barcelona i rodalies. 30 anys al servei del bon gust. Coneix-nos!\",\"breadcrumb\":{\"@id\":\"https:\\\/\\\/www.obradecor.com\\\/ca\\\/qui-som\\\/#breadcrumb\"},\"inLanguage\":\"ca\",\"potentialAction\":[{\"@type\":\"ReadAction\",\"target\":[\"https:\\\/\\\/www.obradecor.com\\\/ca\\\/qui-som\\\/\"]}]},{\"@type\":\"BreadcrumbList\",\"@id\":\"https:\\\/\\\/www.obradecor.com\\\/ca\\\/qui-som\\\/#breadcrumb\",\"itemListElement\":[{\"@type\":\"ListItem\",\"position\":1,\"name\":\"Portada\",\"item\":\"https:\\\/\\\/www.obradecor.com\\\/ca\\\/\"},{\"@type\":\"ListItem\",\"position\":2,\"name\":\"Qui som\"}]},{\"@type\":\"WebSite\",\"@id\":\"https:\\\/\\\/www.obradecor.com\\\/#website\",\"url\":\"https:\\\/\\\/www.obradecor.com\\\/\",\"name\":\"Obradecor\",\"description\":\"Reforma integral de la vivienda e interiorismo\",\"publisher\":{\"@id\":\"https:\\\/\\\/www.obradecor.com\\\/#organization\"},\"potentialAction\":[{\"@type\":\"SearchAction\",\"target\":{\"@type\":\"EntryPoint\",\"urlTemplate\":\"https:\\\/\\\/www.obradecor.com\\\/?s={search_term_string}\"},\"query-input\":{\"@type\":\"PropertyValueSpecification\",\"valueRequired\":true,\"valueName\":\"search_term_string\"}}],\"inLanguage\":\"ca\"},{\"@type\":\"Organization\",\"@id\":\"https:\\\/\\\/www.obradecor.com\\\/#organization\",\"name\":\"Obradecor\",\"url\":\"https:\\\/\\\/www.obradecor.com\\\/\",\"logo\":{\"@type\":\"ImageObject\",\"inLanguage\":\"ca\",\"@id\":\"https:\\\/\\\/www.obradecor.com\\\/#\\\/schema\\\/logo\\\/image\\\/\",\"url\":\"https:\\\/\\\/www.obradecor.com\\\/wp-content\\\/uploads\\\/2017\\\/02\\\/logo.png\",\"contentUrl\":\"https:\\\/\\\/www.obradecor.com\\\/wp-content\\\/uploads\\\/2017\\\/02\\\/logo.png\",\"width\":177,\"height\":167,\"caption\":\"Obradecor\"},\"image\":{\"@id\":\"https:\\\/\\\/www.obradecor.com\\\/#\\\/schema\\\/logo\\\/image\\\/\"},\"sameAs\":[\"https:\\\/\\\/www.facebook.com\\\/ObraDecorReformasIntegrales\\\/\",\"https:\\\/\\\/www.instagram.com\\\/obradecor\\\/\"]}]}<\/script>\n<!-- \/ Yoast SEO plugin. -->","yoast_head_json":{"title":"Reforma integral d'habitatges i interiorisme | Obradecor","description":"Especialistes en projectes de reformes integrals, decoraci\u00f3 i interiorisme a Barcelona i rodalies. 30 anys al servei del bon gust. Coneix-nos!","robots":{"index":"index","follow":"follow","max-snippet":"max-snippet:-1","max-image-preview":"max-image-preview:large","max-video-preview":"max-video-preview:-1"},"canonical":"https:\/\/www.obradecor.com\/ca\/qui-som\/","og_locale":"ca_ES","og_type":"article","og_title":"Reforma integral d'habitatges i interiorisme | Obradecor","og_description":"Especialistes en projectes de reformes integrals, decoraci\u00f3 i interiorisme a Barcelona i rodalies. 30 anys al servei del bon gust. Coneix-nos!","og_url":"https:\/\/www.obradecor.com\/ca\/qui-som\/","og_site_name":"Obradecor","article_publisher":"https:\/\/www.facebook.com\/ObraDecorReformasIntegrales\/","article_modified_time":"2017-05-08T10:31:54+00:00","twitter_card":"summary_large_image","twitter_misc":{"Temps estimat de lectura":"4 minuts"},"schema":{"@context":"https:\/\/schema.org","@graph":[{"@type":"WebPage","@id":"https:\/\/www.obradecor.com\/ca\/qui-som\/","url":"https:\/\/www.obradecor.com\/ca\/qui-som\/","name":"Reforma integral d'habitatges i interiorisme | Obradecor","isPartOf":{"@id":"https:\/\/www.obradecor.com\/#website"},"datePublished":"2017-01-30T09:43:55+00:00","dateModified":"2017-05-08T10:31:54+00:00","description":"Especialistes en projectes de reformes integrals, decoraci\u00f3 i interiorisme a Barcelona i rodalies. 30 anys al servei del bon gust. Coneix-nos!","breadcrumb":{"@id":"https:\/\/www.obradecor.com\/ca\/qui-som\/#breadcrumb"},"inLanguage":"ca","potentialAction":[{"@type":"ReadAction","target":["https:\/\/www.obradecor.com\/ca\/qui-som\/"]}]},{"@type":"BreadcrumbList","@id":"https:\/\/www.obradecor.com\/ca\/qui-som\/#breadcrumb","itemListElement":[{"@type":"ListItem","position":1,"name":"Portada","item":"https:\/\/www.obradecor.com\/ca\/"},{"@type":"ListItem","position":2,"name":"Qui som"}]},{"@type":"WebSite","@id":"https:\/\/www.obradecor.com\/#website","url":"https:\/\/www.obradecor.com\/","name":"Obradecor","description":"Reforma integral de la vivienda e interiorismo","publisher":{"@id":"https:\/\/www.obradecor.com\/#organization"},"potentialAction":[{"@type":"SearchAction","target":{"@type":"EntryPoint","urlTemplate":"https:\/\/www.obradecor.com\/?s={search_term_string}"},"query-input":{"@type":"PropertyValueSpecification","valueRequired":true,"valueName":"search_term_string"}}],"inLanguage":"ca"},{"@type":"Organization","@id":"https:\/\/www.obradecor.com\/#organization","name":"Obradecor","url":"https:\/\/www.obradecor.com\/","logo":{"@type":"ImageObject","inLanguage":"ca","@id":"https:\/\/www.obradecor.com\/#\/schema\/logo\/image\/","url":"https:\/\/www.obradecor.com\/wp-content\/uploads\/2017\/02\/logo.png","contentUrl":"https:\/\/www.obradecor.com\/wp-content\/uploads\/2017\/02\/logo.png","width":177,"height":167,"caption":"Obradecor"},"image":{"@id":"https:\/\/www.obradecor.com\/#\/schema\/logo\/image\/"},"sameAs":["https:\/\/www.facebook.com\/ObraDecorReformasIntegrales\/","https:\/\/www.instagram.com\/obradecor\/"]}]}},"_links":{"self":[{"href":"https:\/\/www.obradecor.com\/ca\/wp-json\/wp\/v2\/pages\/893","targetHints":{"allow":["GET"]}}],"collection":[{"href":"https:\/\/www.obradecor.com\/ca\/wp-json\/wp\/v2\/pages"}],"about":[{"href":"https:\/\/www.obradecor.com\/ca\/wp-json\/wp\/v2\/types\/page"}],"author":[{"embeddable":true,"href":"https:\/\/www.obradecor.com\/ca\/wp-json\/wp\/v2\/users\/1"}],"replies":[{"embeddable":true,"href":"https:\/\/www.obradecor.com\/ca\/wp-json\/wp\/v2\/comments?post=893"}],"version-history":[{"count":5,"href":"https:\/\/www.obradecor.com\/ca\/wp-json\/wp\/v2\/pages\/893\/revisions"}],"predecessor-version":[{"id":965,"href":"https:\/\/www.obradecor.com\/ca\/wp-json\/wp\/v2\/pages\/893\/revisions\/965"}],"wp:attachment":[{"href":"https:\/\/www.obradecor.com\/ca\/wp-json\/wp\/v2\/media?parent=893"}],"curies":[{"name":"wp","href":"https:\/\/api.w.org\/{rel}","templated":true}]}}