{"id":935,"date":"2017-02-12T15:36:50","date_gmt":"2017-02-12T15:36:50","guid":{"rendered":"http:\/\/www.obradecor.com\/politica-de-cookies\/?lang=ca"},"modified":"2017-05-08T10:15:01","modified_gmt":"2017-05-08T10:15:01","slug":"politica-de-cookies","status":"publish","type":"page","link":"https:\/\/www.obradecor.com\/ca\/politica-de-cookies\/","title":{"rendered":"Pol\u00edtica de Cookies"},"content":{"rendered":"<p>[et_pb_section admin_label=&#8221;Secci\u00f3n&#8221; fullwidth=&#8221;on&#8221; specialty=&#8221;off&#8221;][et_pb_fullwidth_header admin_label=&#8221;T\u00edtulo de anchura completa&#8221; title=&#8221;Pol\u00edtica de cookies&#8221; background_layout=&#8221;dark&#8221; text_orientation=&#8221;center&#8221; header_fullscreen=&#8221;on&#8221; header_scroll_down=&#8221;off&#8221; background_url=&#8221;\/wp-content\/uploads\/2017\/02\/quienessomos.jpg&#8221; parallax=&#8221;off&#8221; parallax_method=&#8221;off&#8221; content_orientation=&#8221;center&#8221; image_orientation=&#8221;center&#8221; title_font_size=&#8221;60px&#8221; title_font_size_tablet=&#8221;30px&#8221; title_font_size_last_edited=&#8221;on|tablet&#8221; custom_button_one=&#8221;off&#8221; button_one_letter_spacing=&#8221;0&#8243; button_one_use_icon=&#8221;default&#8221; button_one_icon_placement=&#8221;right&#8221; button_one_on_hover=&#8221;on&#8221; button_one_letter_spacing_hover=&#8221;0&#8243; custom_button_two=&#8221;off&#8221; button_two_letter_spacing=&#8221;0&#8243; button_two_use_icon=&#8221;default&#8221; button_two_icon_placement=&#8221;right&#8221; button_two_on_hover=&#8221;on&#8221; button_two_letter_spacing_hover=&#8221;0&#8243;]<\/p>\n<p>[\/et_pb_fullwidth_header][\/et_pb_section][et_pb_section admin_label=&#8221;section&#8221;][et_pb_row admin_label=&#8221;row&#8221;][et_pb_column type=&#8221;4_4&#8243;][et_pb_text admin_label=&#8221;Texto&#8221; background_layout=&#8221;light&#8221; text_orientation=&#8221;left&#8221; use_border_color=&#8221;off&#8221; border_color=&#8221;#ffffff&#8221; border_style=&#8221;solid&#8221;]<\/p>\n<h1 class=\"page-heading\">POL\u00cdTICA DE COOKIES<\/h1>\n<p>Aquest web, igual que la majoria de webs a Internet, utilitza cookies per a millorar l&#8217;experi\u00e8ncia de l&#8217;usuari. A continuaci\u00f3 trobar\u00e0 informaci\u00f3 sobre qu\u00e8 s\u00f3n les cookies, quin tipus de cookies utilitza aquest web, com pot desactivar les cookies en el seu navegador i com desactivar espec\u00edficament la instal\u00b7laci\u00f3 de cookies de tercers. Si no troba la informaci\u00f3 espec\u00edfica que vost\u00e8 est\u00e0 cercant, per favor dirigeixi&#8217;s a info@obradecor.com<\/p>\n<p><strong>Qu\u00e8 s\u00f3n les cookies?<\/strong><\/p>\n<p>Les cookies s\u00f3n petits arxius que algunes plataformes, com les p\u00e0gines web, poden instal\u00b7lar en el seu ordinador, smartphone, tableta o televisi\u00f3 connectada. Les seves funcions poden ser molt variades: emmagatzemar les seves prefer\u00e8ncies de navegaci\u00f3, recopilar informaci\u00f3 estad\u00edstica, permetre certes funcionalitats t\u00e8cniques, etc\u00e8tera. En ocasions, les cookies s&#8217;utilitzen per emmagatzemar informaci\u00f3 b\u00e0sica sobre els h\u00e0bits de navegaci\u00f3 de l&#8217;usuari o del seu equip, fins al punt, segons els casos, de poder recon\u00e8ixer-lo.<\/p>\n<p><strong>Per qu\u00e8 s\u00f3n importants?<\/strong><\/p>\n<p>Les cookies s\u00f3n \u00fatils per diversos motius. Des d&#8217;un punt de vista t\u00e8cnic, permeten que les p\u00e0gines web funcionin de forma m\u00e9s \u00e0gil i adaptada a les seves prefer\u00e8ncies, com per exemple emmagatzemar el seu idioma o la moneda del seu pa\u00eds. A m\u00e9s, ajuden als responsables dels llocs web a millorar els serveis que ofereixen, gr\u00e0cies a la informaci\u00f3 estad\u00edstica que recullen a trav\u00e9s d&#8217;elles.<\/p>\n<p><strong>Com utilitzem les cookies?<\/strong><\/p>\n<p>Navegar per aquest portal suposa que es puguin instal\u00b7lar els seg\u00fcents tipus de cookies:<\/p>\n<p><strong>Cookies d&#8217;an\u00e0lisi estad\u00edstica<\/strong><\/p>\n<p>S\u00f3n aquelles que, b\u00e9 tractades per nosaltres o per tercers, permeten quantificar el nombre de visitants i analitzar estad\u00edsticament la utilitzaci\u00f3 que fan els usuaris dels nostres serveis. Gr\u00e0cies a aix\u00f2 podem estudiar la navegaci\u00f3 per la nostra p\u00e0gina web, i millorar aix\u00ed l&#8217;oferta de productes o serveis que oferim.<\/p>\n<p>Aquesta an\u00e0lisi es realitza mitjan\u00e7ant eines que proporcionen tercers, en el nostre cas Google Inc., dels quals pot obtenir m\u00e9s informaci\u00f3 sobre les seves pol\u00edtiques de privadesa a:<\/p>\n<ul>\n<li><a href=\"https:\/\/www.google.com\/intl\/es\/policies\/technologies\/cookies\/\">Google Analytics<br \/>\n<\/a><a href=\"https:\/\/www.zopim.com\/privacy#cookie\"><br \/>\n<\/a><\/li>\n<\/ul>\n<p><strong>Com puc configurar les meves prefer\u00e8ncies?<\/strong><\/p>\n<p>Pot permetre, bloquejar o eliminar les cookies instal\u00b7lades en el seu equip mitjan\u00e7ant la configuraci\u00f3 de les opcions del seu navegador d&#8217;internet. En el cas en qu\u00e8 les bloquegi, \u00e9s possible que certs serveis que necessiten el seu \u00fas no estiguin disponibles per a vost\u00e8.<\/strong><\/p>\n<p>A continuaci\u00f3 li oferim enlla\u00e7os en els quals trobar\u00e0 informaci\u00f3 sobre com pot activar les seves prefer\u00e8ncies en els principals navegadors:<\/p>\n<ul>\n<li><a href=\"https:\/\/support.google.com\/chrome\/bin\/answer.py?hl=es&amp;answer=95647\">Google Chrome<\/a><\/li>\n<li><a href=\"https:\/\/support.mozilla.org\/es\/kb\/cookies-informacion-que-los-sitios-web-guardan-en-?redirectlocale=en-US&amp;redirectslug=Cookies\">Mozilla Firefox<\/a><\/li>\n<li><a href=\"https:\/\/support.microsoft.com\/kb\/196955\/es\">Internet Explorer<\/a><\/li>\n<li><a href=\"https:\/\/www.lavanguardia.com\/cookiesSafari.html\">Safari<\/a><\/li>\n<li><a href=\"https:\/\/support.apple.com\/kb\/HT1677?viewlocale=es_ES\">Safari para IOS (iPhone, iPad)<\/a><\/li>\n<\/ul>\n<p>Si desitja contactar amb nosaltres respecte la nostra pol\u00edtica de cookies, pot fer-ho en info@obradecor.com<\/p>\n<p>[\/et_pb_text][\/et_pb_column][\/et_pb_row][\/et_pb_section]<\/p>\n","protected":false},"excerpt":{"rendered":"<p>POL\u00cdTICA DE COOKIES Aquest web, igual que la majoria de webs a Internet, utilitza cookies per a millorar l&#8217;experi\u00e8ncia de l&#8217;usuari. A continuaci\u00f3 trobar\u00e0 informaci\u00f3 sobre qu\u00e8 s\u00f3n les cookies, quin tipus de cookies utilitza aquest web, com pot desactivar les cookies en el seu navegador i com desactivar espec\u00edficament la instal\u00b7laci\u00f3 de cookies de [&hellip;]<\/p>\n","protected":false},"author":1,"featured_media":0,"parent":0,"menu_order":0,"comment_status":"closed","ping_status":"closed","template":"","meta":{"_et_pb_use_builder":"on","_et_pb_old_content":"","_et_gb_content_width":"","footnotes":""},"class_list":["post-935","page","type-page","status-publish","hentry"],"yoast_head":"<!-- This site is optimized with the Yoast SEO plugin v27.5 - https:\/\/yoast.com\/product\/yoast-seo-wordpress\/ -->\n<title>Reforma integral d&#039;habitatges i interiorisme | Obradecor<\/title>\n<meta name=\"description\" content=\"Especialistes en projectes de reformes integrals, decoraci\u00f3 i interiorisme a Barcelona i rodalies. 30 anys al servei del bon gust. Coneix-nos!\" \/>\n<meta name=\"robots\" content=\"noindex, follow\" \/>\n<meta property=\"og:locale\" content=\"ca_ES\" \/>\n<meta property=\"og:type\" content=\"article\" \/>\n<meta property=\"og:title\" content=\"Reforma integral d&#039;habitatges i interiorisme | Obradecor\" \/>\n<meta property=\"og:description\" content=\"Especialistes en projectes de reformes integrals, decoraci\u00f3 i interiorisme a Barcelona i rodalies. 30 anys al servei del bon gust. Coneix-nos!\" \/>\n<meta property=\"og:url\" content=\"https:\/\/www.obradecor.com\/ca\/politica-de-cookies\/\" \/>\n<meta property=\"og:site_name\" content=\"Obradecor\" \/>\n<meta property=\"article:publisher\" content=\"https:\/\/www.facebook.com\/ObraDecorReformasIntegrales\/\" \/>\n<meta property=\"article:modified_time\" content=\"2017-05-08T10:15:01+00:00\" \/>\n<meta name=\"twitter:card\" content=\"summary_large_image\" \/>\n<meta name=\"twitter:label1\" content=\"Temps estimat de lectura\" \/>\n\t<meta name=\"twitter:data1\" content=\"3 minuts\" \/>\n<script type=\"application\/ld+json\" class=\"yoast-schema-graph\">{\"@context\":\"https:\\\/\\\/schema.org\",\"@graph\":[{\"@type\":\"WebPage\",\"@id\":\"https:\\\/\\\/www.obradecor.com\\\/ca\\\/politica-de-cookies\\\/\",\"url\":\"https:\\\/\\\/www.obradecor.com\\\/ca\\\/politica-de-cookies\\\/\",\"name\":\"Reforma integral d'habitatges i interiorisme | Obradecor\",\"isPartOf\":{\"@id\":\"https:\\\/\\\/www.obradecor.com\\\/#website\"},\"datePublished\":\"2017-02-12T15:36:50+00:00\",\"dateModified\":\"2017-05-08T10:15:01+00:00\",\"description\":\"Especialistes en projectes de reformes integrals, decoraci\u00f3 i interiorisme a Barcelona i rodalies. 30 anys al servei del bon gust. Coneix-nos!\",\"breadcrumb\":{\"@id\":\"https:\\\/\\\/www.obradecor.com\\\/ca\\\/politica-de-cookies\\\/#breadcrumb\"},\"inLanguage\":\"ca\",\"potentialAction\":[{\"@type\":\"ReadAction\",\"target\":[\"https:\\\/\\\/www.obradecor.com\\\/ca\\\/politica-de-cookies\\\/\"]}]},{\"@type\":\"BreadcrumbList\",\"@id\":\"https:\\\/\\\/www.obradecor.com\\\/ca\\\/politica-de-cookies\\\/#breadcrumb\",\"itemListElement\":[{\"@type\":\"ListItem\",\"position\":1,\"name\":\"Portada\",\"item\":\"https:\\\/\\\/www.obradecor.com\\\/ca\\\/\"},{\"@type\":\"ListItem\",\"position\":2,\"name\":\"Pol\u00edtica de Cookies\"}]},{\"@type\":\"WebSite\",\"@id\":\"https:\\\/\\\/www.obradecor.com\\\/#website\",\"url\":\"https:\\\/\\\/www.obradecor.com\\\/\",\"name\":\"Obradecor\",\"description\":\"Reforma integral de la vivienda e interiorismo\",\"publisher\":{\"@id\":\"https:\\\/\\\/www.obradecor.com\\\/#organization\"},\"potentialAction\":[{\"@type\":\"SearchAction\",\"target\":{\"@type\":\"EntryPoint\",\"urlTemplate\":\"https:\\\/\\\/www.obradecor.com\\\/?s={search_term_string}\"},\"query-input\":{\"@type\":\"PropertyValueSpecification\",\"valueRequired\":true,\"valueName\":\"search_term_string\"}}],\"inLanguage\":\"ca\"},{\"@type\":\"Organization\",\"@id\":\"https:\\\/\\\/www.obradecor.com\\\/#organization\",\"name\":\"Obradecor\",\"url\":\"https:\\\/\\\/www.obradecor.com\\\/\",\"logo\":{\"@type\":\"ImageObject\",\"inLanguage\":\"ca\",\"@id\":\"https:\\\/\\\/www.obradecor.com\\\/#\\\/schema\\\/logo\\\/image\\\/\",\"url\":\"https:\\\/\\\/www.obradecor.com\\\/wp-content\\\/uploads\\\/2017\\\/02\\\/logo.png\",\"contentUrl\":\"https:\\\/\\\/www.obradecor.com\\\/wp-content\\\/uploads\\\/2017\\\/02\\\/logo.png\",\"width\":177,\"height\":167,\"caption\":\"Obradecor\"},\"image\":{\"@id\":\"https:\\\/\\\/www.obradecor.com\\\/#\\\/schema\\\/logo\\\/image\\\/\"},\"sameAs\":[\"https:\\\/\\\/www.facebook.com\\\/ObraDecorReformasIntegrales\\\/\",\"https:\\\/\\\/www.instagram.com\\\/obradecor\\\/\"]}]}<\/script>\n<!-- \/ Yoast SEO plugin. -->","yoast_head_json":{"title":"Reforma integral d'habitatges i interiorisme | Obradecor","description":"Especialistes en projectes de reformes integrals, decoraci\u00f3 i interiorisme a Barcelona i rodalies. 30 anys al servei del bon gust. Coneix-nos!","robots":{"index":"noindex","follow":"follow"},"og_locale":"ca_ES","og_type":"article","og_title":"Reforma integral d'habitatges i interiorisme | Obradecor","og_description":"Especialistes en projectes de reformes integrals, decoraci\u00f3 i interiorisme a Barcelona i rodalies. 30 anys al servei del bon gust. Coneix-nos!","og_url":"https:\/\/www.obradecor.com\/ca\/politica-de-cookies\/","og_site_name":"Obradecor","article_publisher":"https:\/\/www.facebook.com\/ObraDecorReformasIntegrales\/","article_modified_time":"2017-05-08T10:15:01+00:00","twitter_card":"summary_large_image","twitter_misc":{"Temps estimat de lectura":"3 minuts"},"schema":{"@context":"https:\/\/schema.org","@graph":[{"@type":"WebPage","@id":"https:\/\/www.obradecor.com\/ca\/politica-de-cookies\/","url":"https:\/\/www.obradecor.com\/ca\/politica-de-cookies\/","name":"Reforma integral d'habitatges i interiorisme | Obradecor","isPartOf":{"@id":"https:\/\/www.obradecor.com\/#website"},"datePublished":"2017-02-12T15:36:50+00:00","dateModified":"2017-05-08T10:15:01+00:00","description":"Especialistes en projectes de reformes integrals, decoraci\u00f3 i interiorisme a Barcelona i rodalies. 30 anys al servei del bon gust. Coneix-nos!","breadcrumb":{"@id":"https:\/\/www.obradecor.com\/ca\/politica-de-cookies\/#breadcrumb"},"inLanguage":"ca","potentialAction":[{"@type":"ReadAction","target":["https:\/\/www.obradecor.com\/ca\/politica-de-cookies\/"]}]},{"@type":"BreadcrumbList","@id":"https:\/\/www.obradecor.com\/ca\/politica-de-cookies\/#breadcrumb","itemListElement":[{"@type":"ListItem","position":1,"name":"Portada","item":"https:\/\/www.obradecor.com\/ca\/"},{"@type":"ListItem","position":2,"name":"Pol\u00edtica de Cookies"}]},{"@type":"WebSite","@id":"https:\/\/www.obradecor.com\/#website","url":"https:\/\/www.obradecor.com\/","name":"Obradecor","description":"Reforma integral de la vivienda e interiorismo","publisher":{"@id":"https:\/\/www.obradecor.com\/#organization"},"potentialAction":[{"@type":"SearchAction","target":{"@type":"EntryPoint","urlTemplate":"https:\/\/www.obradecor.com\/?s={search_term_string}"},"query-input":{"@type":"PropertyValueSpecification","valueRequired":true,"valueName":"search_term_string"}}],"inLanguage":"ca"},{"@type":"Organization","@id":"https:\/\/www.obradecor.com\/#organization","name":"Obradecor","url":"https:\/\/www.obradecor.com\/","logo":{"@type":"ImageObject","inLanguage":"ca","@id":"https:\/\/www.obradecor.com\/#\/schema\/logo\/image\/","url":"https:\/\/www.obradecor.com\/wp-content\/uploads\/2017\/02\/logo.png","contentUrl":"https:\/\/www.obradecor.com\/wp-content\/uploads\/2017\/02\/logo.png","width":177,"height":167,"caption":"Obradecor"},"image":{"@id":"https:\/\/www.obradecor.com\/#\/schema\/logo\/image\/"},"sameAs":["https:\/\/www.facebook.com\/ObraDecorReformasIntegrales\/","https:\/\/www.instagram.com\/obradecor\/"]}]}},"_links":{"self":[{"href":"https:\/\/www.obradecor.com\/ca\/wp-json\/wp\/v2\/pages\/935","targetHints":{"allow":["GET"]}}],"collection":[{"href":"https:\/\/www.obradecor.com\/ca\/wp-json\/wp\/v2\/pages"}],"about":[{"href":"https:\/\/www.obradecor.com\/ca\/wp-json\/wp\/v2\/types\/page"}],"author":[{"embeddable":true,"href":"https:\/\/www.obradecor.com\/ca\/wp-json\/wp\/v2\/users\/1"}],"replies":[{"embeddable":true,"href":"https:\/\/www.obradecor.com\/ca\/wp-json\/wp\/v2\/comments?post=935"}],"version-history":[{"count":1,"href":"https:\/\/www.obradecor.com\/ca\/wp-json\/wp\/v2\/pages\/935\/revisions"}],"predecessor-version":[{"id":936,"href":"https:\/\/www.obradecor.com\/ca\/wp-json\/wp\/v2\/pages\/935\/revisions\/936"}],"wp:attachment":[{"href":"https:\/\/www.obradecor.com\/ca\/wp-json\/wp\/v2\/media?parent=935"}],"curies":[{"name":"wp","href":"https:\/\/api.w.org\/{rel}","templated":true}]}}